{"id":256,"date":"2019-09-22T17:04:59","date_gmt":"2019-09-22T17:04:59","guid":{"rendered":"http:\/\/guadarramariodearena.org\/?page_id=256"},"modified":"2025-10-08T20:14:29","modified_gmt":"2025-10-08T20:14:29","slug":"educacion-ambiental","status":"publish","type":"page","link":"https:\/\/guadarramariodearena.org\/index.php\/educacion-ambiental","title":{"rendered":"EDUCACI\u00d3N AMBIENTAL"},"content":{"rendered":"\n<p>Ponemos a vuestra disposici\u00f3n <strong>material educativo del Parque Regional del Curso Medio del r\u00edo Guadarrama y su entorno<\/strong>:<\/p>\n\n\n\n<ul>\n<li>Fichas did\u00e1cticas desarrolladas por el equipo educativo del programa Guadarrama r\u00edo de arena sobre los valores naturales y culturales del Parque Regional del Curso Medio del R\u00edo Guadarrama y su Entorno. Para 3\u00ba, 4\u00ba, 5 y 6\u00ba curso de Educaci\u00f3n Primaria se han preparado las siguientes fichas: <a aria-label=\"ANIMALES QUE DEJAN HUELLA (abre en una nueva pesta\u00f1a)\" href=\"https:\/\/guadarramariodearena.org\/wp-content\/uploads\/2020\/03\/FICHA_ALUMNADO_-ANIMALES_QUE_DEJAN_HUELLA.pdf\" target=\"_blank\" rel=\"noreferrer noopener\">ANIMALES QUE DEJAN HUELLA<\/a>,  <a aria-label=\"DIME C\u00d3MO ERES Y TE DIR\u00c9 QU\u00c9 COMES (abre en una nueva pesta\u00f1a)\" href=\"https:\/\/guadarramariodearena.org\/wp-content\/uploads\/2020\/03\/FICHA_ALUMNADO_DIME_COMO_ERES_Y_TE_DIRE_QUE_COMES.pdf\" target=\"_blank\" rel=\"noreferrer noopener\">DIME C\u00d3MO ERES Y TE DIR\u00c9 QU\u00c9 COMES<\/a>, <a aria-label=\"LAS FORMAS DEL PAISAJE (abre en una nueva pesta\u00f1a)\" href=\"https:\/\/guadarramariodearena.org\/wp-content\/uploads\/2020\/03\/FICHA_ALUMNADO_LAS_FORMAS_DEL_PAISAJE.pdf\" target=\"_blank\" rel=\"noreferrer noopener\">LAS FORMAS DEL PAISAJE<\/a> y <a aria-label=\"LOS BENEFICIOS DEL \u00c1RBOL (abre en una nueva pesta\u00f1a)\" href=\"https:\/\/guadarramariodearena.org\/wp-content\/uploads\/2020\/03\/FICHA_ALUMNADO_LOS_BENEFICIOS_DEL_ARBOL.pdf\" target=\"_blank\" rel=\"noreferrer noopener\">LOS BENEFICIOS DEL \u00c1RBOL<\/a>. Para Educaci\u00f3n Secundaria se han preparado las siguientes fichas: <a aria-label=\"BOSQUES CON HISTORIA (abre en una nueva pesta\u00f1a)\" href=\"https:\/\/guadarramariodearena.org\/wp-content\/uploads\/2020\/03\/FICHA_ALUMNADO_BOSQUES_CON_HISTORIA.pdf\" target=\"_blank\" rel=\"noreferrer noopener\">BOSQUES CON HISTORIA<\/a> y <a aria-label=\"MILES DE OVEJAS HICIERON PAISAJE (abre en una nueva pesta\u00f1a)\" href=\"https:\/\/guadarramariodearena.org\/wp-content\/uploads\/2020\/03\/FICHA_ALUMNADO_MILES_DE_OVEJAS_HICIERON_PAISAJE.pdf\" target=\"_blank\" rel=\"noreferrer noopener\">MILES DE OVEJAS HICIERON PAISAJE<\/a>.<\/li>\n\n\n\n<li>Estudio del Parque Regional del Curso Medio del R\u00edo Guadarrama y su entorno. Proyecto de colaboraci\u00f3n y aprovechamiento did\u00e1ctico. Direcci\u00f3n General de Mejora de la Calidad de la Ense\u00f1anza de la Consejer\u00eda de Educaci\u00f3n, Juventud y Deporte de la Comunidad de Madrid. Descargar en: <a href=\"http:\/\/www.madrid.org\/bvirtual\/BVCM016234.pdf\">http:\/\/www.madrid.org\/bvirtual\/BVCM016234.pdf<\/a><\/li>\n<\/ul>\n\n\n\n<p>Adem\u00e1s, hemos elaborado un total de <strong>15 fichas relacionadas con la sostenibilidad en el hogar<\/strong>. Pretendemos reflexionar sobre c\u00f3mo nuestra forma de vida repercute en la salud del Planeta.<\/p>\n\n\n\n<p>Para <strong>Educaci\u00f3n Infantil<\/strong> hemos preparado:<\/p>\n\n\n\n<ul>\n<li><a aria-label=\"NATURALEZA EN CASA (abre en una nueva pesta\u00f1a)\" href=\"https:\/\/guadarramariodearena.org\/wp-content\/uploads\/2020\/05\/NATURALEZA_EN_CASA.pdf\" target=\"_blank\" rel=\"noreferrer noopener\">NATURALEZA EN CASA<\/a><\/li>\n<\/ul>\n\n\n\n<p>Para <strong>Educaci\u00f3n Primaria<\/strong> hemos preparado:<\/p>\n\n\n\n<ul>\n<li><a aria-label=\"C\u00d3MO CONSEGUIR UNA CASA SOSTENIBLE Y NO MORIR EN EL INTENTO (abre en una nueva pesta\u00f1a)\" href=\"https:\/\/guadarramariodearena.org\/wp-content\/uploads\/2020\/05\/COMO_CONSEGUIR_UNA_CASA_SOSTENIBLE.pdf\" target=\"_blank\" rel=\"noreferrer noopener\">C\u00d3MO CONSEGUIR UNA CASA SOSTENIBLE Y NO DESESPERAR EN EL INTENTO<\/a><\/li>\n\n\n\n<li><a aria-label=\"BOSQUES SOSTENIBLES (abre en una nueva pesta\u00f1a)\" href=\"https:\/\/guadarramariodearena.org\/wp-content\/uploads\/2020\/05\/BOSQUES_SOSTENIBLES.pdf\" target=\"_blank\" rel=\"noreferrer noopener\">BOSQUES SOSTENIBLES<\/a><\/li>\n\n\n\n<li><a aria-label=\"ECOETIQUETADO (abre en una nueva pesta\u00f1a)\" href=\"https:\/\/guadarramariodearena.org\/wp-content\/uploads\/2020\/05\/ECOETIQUETADO.pdf\" target=\"_blank\" rel=\"noreferrer noopener\">ECOETIQUETADO<\/a><\/li>\n\n\n\n<li><a aria-label=\"MI MUNDO DE PL\u00c1STICO (abre en una nueva pesta\u00f1a)\" href=\"https:\/\/guadarramariodearena.org\/wp-content\/uploads\/2020\/05\/MI_MUNDO_DE_PLASTICO.pdf\" target=\"_blank\" rel=\"noreferrer noopener\">MI MUNDO DE PL\u00c1STICO<\/a><\/li>\n\n\n\n<li><a aria-label=\"SALVA COMIDA, SALVA PLANETA (abre en una nueva pesta\u00f1a)\" href=\"https:\/\/guadarramariodearena.org\/wp-content\/uploads\/2020\/05\/SALVA_COMIDA_SALVA_EL_PLANETA.pdf\" target=\"_blank\" rel=\"noreferrer noopener\">SALVA COMIDA, SALVA PLANETA<\/a><\/li>\n\n\n\n<li><a aria-label=\"VERDE QUE TE QUIERO VERDE (abre en una nueva pesta\u00f1a)\" href=\"https:\/\/guadarramariodearena.org\/wp-content\/uploads\/2020\/05\/VERDE_QUE_TE_QUIERO_VERDE.pdf\" target=\"_blank\" rel=\"noreferrer noopener\">VERDE QUE TE QUIERO VERDE<\/a><\/li>\n\n\n\n<li><a aria-label=\"UN LARGO VIAJE (abre en una nueva pesta\u00f1a)\" href=\"https:\/\/guadarramariodearena.org\/wp-content\/uploads\/2020\/05\/UN_LARGO_VIAJE.pdf\" target=\"_blank\" rel=\"noreferrer noopener\">UN LARGO VIAJE<\/a><\/li>\n<\/ul>\n\n\n\n<p>Para <strong>Educaci\u00f3n Secundaria<\/strong> hemos preparado:<\/p>\n\n\n\n<ul>\n<li><a aria-label=\"TECNOPLANETA (abre en una nueva pesta\u00f1a)\" href=\"https:\/\/guadarramariodearena.org\/wp-content\/uploads\/2020\/05\/TECNOPLANETA.pdf\" target=\"_blank\" rel=\"noreferrer noopener\">TECNOPLANETA<\/a><\/li>\n\n\n\n<li><a aria-label=\"DESVISTIENDO AL PLANETA (abre en una nueva pesta\u00f1a)\" href=\"https:\/\/guadarramariodearena.org\/wp-content\/uploads\/2020\/05\/DESVISTIENDO_AL_PLANETA.pdf\" target=\"_blank\" rel=\"noreferrer noopener\">DESVISTIENDO AL PLANETA<\/a><\/li>\n\n\n\n<li><a aria-label=\"PURA ENERG\u00cdA (abre en una nueva pesta\u00f1a)\" href=\"https:\/\/guadarramariodearena.org\/wp-content\/uploads\/2020\/05\/PURA_ENERGIA.pdf\" target=\"_blank\" rel=\"noreferrer noopener\">PURA ENERG\u00cdA<\/a><\/li>\n\n\n\n<li><a aria-label=\"QUI\u00c9N CONTAMINA (abre en una nueva pesta\u00f1a)\" href=\"https:\/\/guadarramariodearena.org\/wp-content\/uploads\/2020\/05\/QUIEN_CONTAMINA.pdf\" target=\"_blank\" rel=\"noreferrer noopener\">QUI\u00c9N CONTAMINA<\/a><\/li>\n\n\n\n<li><a aria-label=\"NO HAY PLANETA B (abre en una nueva pesta\u00f1a)\" href=\"https:\/\/guadarramariodearena.org\/wp-content\/uploads\/2020\/05\/NO_HAY_PLANETA_B.pdf\" target=\"_blank\" rel=\"noreferrer noopener\">NO HAY PLANETA B<\/a><\/li>\n\n\n\n<li><a aria-label=\"JUSTICIA CLIM\u00c1TICA (abre en una nueva pesta\u00f1a)\" href=\"https:\/\/guadarramariodearena.org\/wp-content\/uploads\/2020\/05\/JUSTICIA_CLIMATICA.pdf\" target=\"_blank\" rel=\"noreferrer noopener\">JUSTICIA CLIM\u00c1TICA<\/a><\/li>\n\n\n\n<li><a aria-label=\"ECONOM\u00cdA CIRCULAR (abre en una nueva pesta\u00f1a)\" href=\"https:\/\/guadarramariodearena.org\/wp-content\/uploads\/2020\/05\/ECONOMIA_CIRCULAR.pdf\" target=\"_blank\" rel=\"noreferrer noopener\">ECONOM\u00cdA CIRCULAR<\/a><\/li>\n<\/ul>\n\n\n\n<p>Tambi\u00e9n,  hemos elaborado fichas did\u00e1cticas para trabajar distintas <strong>festividades ambientales<\/strong> de los meses de mayo y junio. <\/p>\n\n\n\n<ul>\n<li>D\u00cdA MUNDIAL DE LAS ABEJAS<strong> <\/strong>(20 de mayo) .  <a aria-label=\"FICHA HOTELES DE INSECTOS (abre en una nueva pesta\u00f1a)\" href=\"https:\/\/guadarramariodearena.org\/wp-content\/uploads\/2020\/05\/Hotel_de_insectos_DIA_MUNDIAL_DE_LAS_ABEJAS.pdf\" target=\"_blank\" rel=\"noreferrer noopener\">FICHA HOTELES DE INSECTOS<\/a>,  <a aria-label=\"FICHA BEBEDEROS PARA INSECTOS (abre en una nueva pesta\u00f1a)\" href=\"https:\/\/guadarramariodearena.org\/wp-content\/uploads\/2020\/05\/Bebedero_para_insectos_DIA_MUNDIAL_DE_LAS_ABEJAS.pdf\" target=\"_blank\" rel=\"noreferrer noopener\">FICHA BEBEDEROS PARA INSECTOS<\/a> y <a aria-label=\"FICHA BANDAS FLORALES (abre en una nueva pesta\u00f1a)\" href=\"https:\/\/guadarramariodearena.org\/wp-content\/uploads\/2020\/05\/Plantas_meliferas_DIA_MUNDIAL_-DE_LAS_ABEJAS.pdf\" target=\"_blank\" rel=\"noreferrer noopener\">FICHA BANDAS FLORALES.<\/a><\/li>\n\n\n\n<li><a aria-label=\"D\u00cdA INTERNACIONAL DE LA DIVERSIDAD BIOL\u00d3GICA - DIVERSIDAD CULTURAL (abre en una nueva pesta\u00f1a)\" href=\"https:\/\/guadarramariodearena.org\/wp-content\/uploads\/2020\/08\/DIVERSIDAD_CULTURAL-DIA_INTERNACIONAL_DE_LA_DIVERSIDAD-BIOLOGICA.pdf\" target=\"_blank\" rel=\"noreferrer noopener\">D\u00cdA INTERNACIONAL DE LA DIVERSIDAD BIOL\u00d3GICA &#8211; DIVERSIDAD CULTURAL<\/a> (22 de mayo)<\/li>\n\n\n\n<li><a aria-label=\"D\u00cdA INTERNACIONAL DE LA DIVERSIDAD BIOL\u00d3GICA \u2013CONOCIMIENTO TRADICIONAL Y CIENCIA (abre en una nueva pesta\u00f1a)\" href=\"https:\/\/guadarramariodearena.org\/wp-content\/uploads\/2020\/08\/CONOCIMIENTO_TRADICIONAL-DIA_INTERNACIONAL_DIVERSIDAD_BIOLOGICA.pdf\" target=\"_blank\" rel=\"noreferrer noopener\">D\u00cdA INTERNACIONAL DE LA DIVERSIDAD BIOL\u00d3GICA \u2013CONOCIMIENTO TRADICIONAL Y CIENCIA<\/a> (22 de mayo)<\/li>\n\n\n\n<li><a aria-label=\"D\u00cdA INTERNACIONAL DE LA DIVERSIDAD BIOL\u00d3GICA - \u00a1QU\u00c9 CARA TIENES! (abre en una nueva pesta\u00f1a)\" href=\"https:\/\/guadarramariodearena.org\/wp-content\/uploads\/2020\/08\/DIVERSIDAD_CULTURAL_QUE_CARA_TIENES.pdf\" target=\"_blank\" rel=\"noreferrer noopener\">D\u00cdA INTERNACIONAL DE LA DIVERSIDAD BIOL\u00d3GICA &#8211; \u00a1QU\u00c9 CARA TIENES!<\/a> (22 de mayo)<\/li>\n\n\n\n<li><a aria-label=\"D\u00cdA INTERNACIONAL DE LA DIVERSIDAD BIOL\u00d3GICA - DIVERSIDAD DE ECOSISTEMAS (abre en una nueva pesta\u00f1a)\" href=\"https:\/\/guadarramariodearena.org\/wp-content\/uploads\/2020\/08\/JUEGO-DIVERSIDAD_ECOSISTEMAS-DIA_MUNDIAL_DE_LA_DIVERSIDAD-BIOLOGICA.pdf\" target=\"_blank\" rel=\"noreferrer noopener\">D\u00cdA INTERNACIONAL DE LA DIVERSIDAD BIOL\u00d3GICA &#8211; DIVERSIDAD DE ECOSISTEMAS<\/a> (22 de mayo)<\/li>\n\n\n\n<li><a aria-label=\"D\u00cdA INTERNACIONAL DE LA DIVERSIDAD BIOL\u00d3GICA - SALUD Y SEGURIDAD ALIMENTARIA (abre en una nueva pesta\u00f1a)\" href=\"https:\/\/guadarramariodearena.org\/wp-content\/uploads\/2020\/08\/SALUD_ALIMENTARIA-DIA_INTERNACIONAL_DIVERSIDAD_BIOLOGICA.pdf\" target=\"_blank\" rel=\"noreferrer noopener\">D\u00cdA INTERNACIONAL DE LA DIVERSIDAD BIOL\u00d3GICA &#8211; SALUD Y SEGURIDAD ALIMENTARIA<\/a> (22 de mayo)<\/li>\n\n\n\n<li> <a aria-label=\"D\u00cdA EUROPEO DE LOS PARQUES: SALUD EN LOS PARQUES (abre en una nueva pesta\u00f1a)\" href=\"https:\/\/guadarramariodearena.org\/wp-content\/uploads\/2020\/08\/DIA_EUROPEO_DE_LOS_PARQUES_SALUD_EN_LOS_PARQUES.pdf\" target=\"_blank\" rel=\"noreferrer noopener\">D\u00cdA EUROPEO DE LOS PARQUES: SALUD EN LOS PARQUES<\/a> (24 de mayo).   <\/li>\n<\/ul>\n\n\n\n<ul>\n<li><a aria-label=\"D\u00cdA MUNDIAL DEL MEDIO AMBIENTE (abre en una nueva pesta\u00f1a)\" href=\"https:\/\/es.educaplay.com\/recursos-educativos\/5875419-diversidad_en_el_parque.html\" target=\"_blank\" rel=\"noreferrer noopener\">D\u00cdA MUNDIAL DEL MEDIO AMBIENTE<\/a> (5 de junio)<\/li>\n\n\n\n<li><a aria-label=\"D\u00cdA MUNDIAL DE LOS OC\u00c9ANOS (abre en una nueva pesta\u00f1a)\" href=\"https:\/\/guadarramariodearena.org\/wp-content\/uploads\/2020\/06\/DIA_MUNDIAL_DE_LOS_OCEANOS.pdf\" target=\"_blank\" rel=\"noreferrer noopener\">D\u00cdA MUNDIAL DE LOS OC\u00c9ANOS<\/a> (8 de junio)<\/li>\n\n\n\n<li><a aria-label=\"D\u00cdA MUNDIAL DE LUCHA CONTRA LA DESERTIFICACI\u00d3N Y LA SEQU\u00cdA (abre en una nueva pesta\u00f1a)\" href=\"https:\/\/guadarramariodearena.org\/wp-content\/uploads\/2020\/06\/DIA_MUNDIAL_CONTRA_LA_DESERTIFICACION_Y-SEQUIA.pdf\" target=\"_blank\" rel=\"noreferrer noopener\">D\u00cdA MUNDIAL DE LUCHA CONTRA LA DESERTIFICACI\u00d3N Y LA SEQU\u00cdA<\/a> (17 de junio)<\/li>\n\n\n\n<li><a aria-label=\"D\u00cdA INTERNACIONAL CONTRA LA CONTAMINACI\u00d3N ELECTROMAGN\u00c9TICA (abre en una nueva pesta\u00f1a)\" href=\"https:\/\/guadarramariodearena.org\/wp-content\/uploads\/2020\/06\/DIA_INTERNACIONAL_CONTRA_LA_CONTAMINACION_ELECTROMAGNETICA.pdf\" target=\"_blank\" rel=\"noreferrer noopener\">D\u00cdA INTERNACIONAL CONTRA LA CONTAMINACI\u00d3N ELECTROMAGN\u00c9TICA<\/a> (24 de junio)<\/li>\n\n\n\n<li><a aria-label=\"D\u00cdA MUNDIAL DEL \u00c1RBOL (abre en una nueva pesta\u00f1a)\" href=\"https:\/\/guadarramariodearena.org\/wp-content\/uploads\/2020\/08\/DIA_MUNDIAL_DEL_ARBOL.pdf\" target=\"_blank\" rel=\"noreferrer noopener\">D\u00cdA MUNDIAL DEL \u00c1RBOL<\/a> (28 de junio)  <\/li>\n<\/ul>\n","protected":false},"excerpt":{"rendered":"<p>Ponemos a vuestra disposici\u00f3n material educativo del Parque Regional del Curso Medio del r\u00edo Guadarrama y su entorno: Adem\u00e1s, hemos elaborado un total de 15 fichas relacionadas con la sostenibilidad en el hogar. Pretendemos reflexionar sobre c\u00f3mo nuestra forma de vida repercute en la salud del Planeta. Para Educaci\u00f3n Infantil hemos preparado: Para Educaci\u00f3n Primaria hemos preparado: Para Educaci\u00f3n Secundaria hemos preparado: Tambi\u00e9n, hemos elaborado fichas did\u00e1cticas para trabajar distintas festividades ambientales de los meses de mayo y junio.<\/p>\n","protected":false},"author":1,"featured_media":0,"parent":0,"menu_order":0,"comment_status":"closed","ping_status":"closed","template":"","meta":{"footnotes":""},"_links":{"self":[{"href":"https:\/\/guadarramariodearena.org\/index.php\/wp-json\/wp\/v2\/pages\/256"}],"collection":[{"href":"https:\/\/guadarramariodearena.org\/index.php\/wp-json\/wp\/v2\/pages"}],"about":[{"href":"https:\/\/guadarramariodearena.org\/index.php\/wp-json\/wp\/v2\/types\/page"}],"author":[{"embeddable":true,"href":"https:\/\/guadarramariodearena.org\/index.php\/wp-json\/wp\/v2\/users\/1"}],"replies":[{"embeddable":true,"href":"https:\/\/guadarramariodearena.org\/index.php\/wp-json\/wp\/v2\/comments?post=256"}],"version-history":[{"count":19,"href":"https:\/\/guadarramariodearena.org\/index.php\/wp-json\/wp\/v2\/pages\/256\/revisions"}],"predecessor-version":[{"id":4015,"href":"https:\/\/guadarramariodearena.org\/index.php\/wp-json\/wp\/v2\/pages\/256\/revisions\/4015"}],"wp:attachment":[{"href":"https:\/\/guadarramariodearena.org\/index.php\/wp-json\/wp\/v2\/media?parent=256"}],"curies":[{"name":"wp","href":"https:\/\/api.w.org\/{rel}","templated":true}]}}